{"id":2929,"date":"2016-03-16T16:32:26","date_gmt":"2016-03-16T16:32:26","guid":{"rendered":"http:\/\/www.flym.fr\/bd\/?page_id=2929"},"modified":"2016-03-18T14:56:35","modified_gmt":"2016-03-18T14:56:35","slug":"controle-surprise-et-je-ne-vais-plus-a-lecole","status":"publish","type":"page","link":"https:\/\/www.flym.fr\/bd\/textes\/controle-surprise-et-je-ne-vais-plus-a-lecole\/","title":{"rendered":"Contr\u00f4le surprise (et je ne vais plus \u00e0 l&rsquo;\u00e9cole)"},"content":{"rendered":"<p style=\"text-align: center;\"><strong>Contr\u00f4le surprise (et je ne vais plus \u00e0 l&rsquo;\u00e9cole)<\/strong><\/p>\n<p>Alors que je r\u00eavassais, le regard perdu \u00e0 travers la vitre du tram, tel un po\u00e8te cherchant son inspiration, le regard perdu vers l\u2019horizon, je vois plusieurs personnes regarder dans le fond. Reprenant mes esprits, je d\u00e9couvre via le reflet de la vitre qu\u2019il s\u2019agit de l\u2019irruption de policiers dans le tram.<\/p>\n<p>Je me dis que c\u2019est pas mal qu\u2019ils jettent un \u0153il dans les trams de temps en temps la nuit pour voir si tout se passe bien.<\/p>\n<p>Je replonge dans mes pens\u00e9es (afin de r\u00e9fl\u00e9chir \u00e0 un sujet capital\u00a0: mais que vais-je me faire \u00e0 manger), quand tout \u00e0 coup une t\u00eate de flic appara\u00eet devant moi.<\/p>\n<p>\u00ab\u00a0Veuillez me suivre dehors, c\u2019est un contr\u00f4le\u00a0!\u00a0\u00bb qu\u2019il me dit.<\/p>\n<p>Je me retourne vers lui, un poil circonspect. \u00ab\u00a0Un contr\u00f4le\u00a0? Mais j\u2019ai pas r\u00e9vis\u00e9\u00a0\u2026\u00a0\u00bb<\/p>\n<p>\u00ab\u00a0Veuillez me suivre dehors, c\u2019est un contr\u00f4le\u00a0!\u00a0\u00bb qu\u2019il me redit. C\u2019est born\u00e9 un flic du soir.<\/p>\n<p>\u00ab\u00a0 Euh d\u2019accord, mais pourquoi donc\u00a0?\u00a0\u00bb m\u2019empressais-je de demander, curieux de savoir pourquoi on allait me sortir du tram que j\u2019avais attendu si patiemment dans la nuit froide, alors que le suivant n\u2019arriverait que 30 minutes plus tard\u2026<\/p>\n<p>\u00ab\u00a0Veuillez me suivre dehors, c\u2019est un contr\u00f4le\u00a0!\u00a0\u00bb Voyant que le monsieur n\u2019a que tr\u00e8s peu de vocabulaire, et que sa r\u00e9ponse automatique de cerveau absent, envoy\u00e9 en retour de chaque question commen\u00e7ait \u00e0 devenir excessivement \u00e9nervant, je me suis ex\u00e9cut\u00e9 (avant qu\u2019il ne m\u2019ex\u00e9cute lui-m\u00eame\u2026).<\/p>\n<p>Une fois dehors, alors que la fra\u00eecheur de la nuit caressait mes joues (et me gelait les grelots), \u00a0mon bon ami \u00e0 k\u00e9pi (c\u2019est une m\u00e9taphore hein, parce qu\u2019il n\u2019avait pas de k\u00e9pi, mais c\u2019est pour le style voyez-vous) me dit de mettre mes mains en \u00e9vidence, et me demande si j\u2019ai des armes ou des substances illicites sur moi. Une chance que j\u2019avais \u00a0vendu mon stock de kalachnikov, de coca\u00efne et de kinder bueno \u00e0 des enfants qui sortaient d\u2019une s\u00e9ance de Snoopy un peu plus t\u00f4t dans la soir\u00e9e.<\/p>\n<p>Ensuite, il me demande de me tourner et commence \u00e0 me fouiller. Il me t\u00e2te les jambes et les poches. \u00ab\u00a0H\u00e9 vous pourriez m\u2019offrir un verre avant, je suis pas un gar\u00e7on facile\u00a0\u00bb.<\/p>\n<p>Il continue sa fouille au niveau de ma veste. Craignant qu\u2019il \u00e9clate mes lunettes 3D, se trouvant dans ma poche int\u00e9rieur (j\u2019\u00e9tais all\u00e9 voir le Hobbit, c\u2019est pas un crime pourtant), je lui dis que ce serait bien plus simple si j\u2019ouvrais ma veste.<\/p>\n<p>Il me r\u00e9pond que c\u2019est la prochaine \u00e9tape. Chouette\u2026 Il me fait vider mes poches, et croyez-moi, j\u2019ai des poches et je m\u2019en sers\u2026 Je sors donc, mes lunettes 3D, mes lunettes pas 3D, deux\u00a0paquets de mouchoirs pas utilis\u00e9s, des mouchoirs utilis\u00e9s (je suis \u00e9conome, tant qu\u2019il y a de la place, je remplis), des gans, un porte monnaie, un t\u00e9l\u00e9phone, des clefs, une paire de menotte en fourrure (mais non je d\u00e9conne).<\/p>\n<p>Bref je me retrouve avec les mains pleines, un peu comme les participants de Fort Boyard avec leurs pi\u00e8ces d\u2019or dans les bras \u00e0 la fin de l&rsquo;\u00e9mission. \u00a0L\u00e0-dessus, mon cher policier me dit que c\u2019est bon, je peux disposer. Fort bien, ce n\u2019est pas comme si on \u00e9tait en plein hiver.\u00a0Et \u00e0 cette heure-l\u00e0 on compte autant de trams que de vraies dents dans la bouche de m\u00e9m\u00e9\u00a0! Je n\u2019ai plus qu\u2019\u00e0 rentrer \u00e0 pieds\u00a0! Merci Monsieur l&rsquo;agent.<\/p>\n<div id=\"fb_share_1\" style=\"float: right; margin-left: 10px;\"><a name=\"fb_share\" type=\"box_count\" share_url=\"https:\/\/www.flym.fr\/bd\/textes\/controle-surprise-et-je-ne-vais-plus-a-lecole\/\" href=\"http:\/\/www.facebook.com\/sharer.php\">Share<\/a><\/div><div><script src=\"http:\/\/static.ak.fbcdn.net\/connect.php\/js\/FB.Share\" type=\"text\/javascript\"><\/script><\/div>","protected":false},"excerpt":{"rendered":"<p>Contr\u00f4le surprise (et je ne vais plus \u00e0 l&rsquo;\u00e9cole) Alors que je r\u00eavassais, le regard perdu \u00e0 travers la vitre du tram, tel un po\u00e8te cherchant son inspiration, le regard perdu vers l\u2019horizon, je vois plusieurs personnes regarder dans le fond. Reprenant mes esprits, je d\u00e9couvre via le reflet de la vitre qu\u2019il s\u2019agit de [&hellip;]<\/p>\n","protected":false},"author":1,"featured_media":0,"parent":864,"menu_order":0,"comment_status":"closed","ping_status":"closed","template":"page-PageTemplate4.php","meta":{"_et_pb_use_builder":"","_et_pb_old_content":"","_et_gb_content_width":""},"yoast_head":"<!-- This site is optimized with the Yoast SEO plugin v19.4 - https:\/\/yoast.com\/wordpress\/plugins\/seo\/ -->\n<title>Contr\u00f4le surprise (et je ne vais plus \u00e0 l&#039;\u00e9cole) - Flym, dessin d&#039;humour, blog bd humour, humour noir<\/title>\n<meta name=\"robots\" content=\"index, follow, max-snippet:-1, max-image-preview:large, max-video-preview:-1\" \/>\n<link rel=\"canonical\" href=\"https:\/\/www.flym.fr\/bd\/textes\/controle-surprise-et-je-ne-vais-plus-a-lecole\/\" \/>\n<meta property=\"og:locale\" content=\"fr_FR\" \/>\n<meta property=\"og:type\" content=\"article\" \/>\n<meta property=\"og:title\" content=\"Contr\u00f4le surprise (et je ne vais plus \u00e0 l&#039;\u00e9cole) - Flym, dessin d&#039;humour, blog bd humour, humour noir\" \/>\n<meta property=\"og:description\" content=\"Contr\u00f4le surprise (et je ne vais plus \u00e0 l&rsquo;\u00e9cole) Alors que je r\u00eavassais, le regard perdu \u00e0 travers la vitre du tram, tel un po\u00e8te cherchant son inspiration, le regard perdu vers l\u2019horizon, je vois plusieurs personnes regarder dans le fond. Reprenant mes esprits, je d\u00e9couvre via le reflet de la vitre qu\u2019il s\u2019agit de [&hellip;]\" \/>\n<meta property=\"og:url\" content=\"https:\/\/www.flym.fr\/bd\/textes\/controle-surprise-et-je-ne-vais-plus-a-lecole\/\" \/>\n<meta property=\"og:site_name\" content=\"Flym, dessin d&#039;humour, blog bd humour, humour noir\" \/>\n<meta property=\"article:modified_time\" content=\"2016-03-18T14:56:35+00:00\" \/>\n<meta name=\"twitter:card\" content=\"summary\" \/>\n<meta name=\"twitter:label1\" content=\"Dur\u00e9e de lecture estim\u00e9e\" \/>\n\t<meta name=\"twitter:data1\" content=\"3 minutes\" \/>\n<script type=\"application\/ld+json\" class=\"yoast-schema-graph\">{\"@context\":\"https:\/\/schema.org\",\"@graph\":[{\"@type\":\"WebSite\",\"@id\":\"https:\/\/www.flym.fr\/bd\/#website\",\"url\":\"https:\/\/www.flym.fr\/bd\/\",\"name\":\"Flym, dessin d&#039;humour, blog bd humour, humour noir\",\"description\":\"\",\"potentialAction\":[{\"@type\":\"SearchAction\",\"target\":{\"@type\":\"EntryPoint\",\"urlTemplate\":\"https:\/\/www.flym.fr\/bd\/?s={search_term_string}\"},\"query-input\":\"required name=search_term_string\"}],\"inLanguage\":\"fr-FR\"},{\"@type\":\"WebPage\",\"@id\":\"https:\/\/www.flym.fr\/bd\/textes\/controle-surprise-et-je-ne-vais-plus-a-lecole\/\",\"url\":\"https:\/\/www.flym.fr\/bd\/textes\/controle-surprise-et-je-ne-vais-plus-a-lecole\/\",\"name\":\"Contr\u00f4le surprise (et je ne vais plus \u00e0 l'\u00e9cole) - Flym, dessin d&#039;humour, blog bd humour, humour noir\",\"isPartOf\":{\"@id\":\"https:\/\/www.flym.fr\/bd\/#website\"},\"datePublished\":\"2016-03-16T16:32:26+00:00\",\"dateModified\":\"2016-03-18T14:56:35+00:00\",\"breadcrumb\":{\"@id\":\"https:\/\/www.flym.fr\/bd\/textes\/controle-surprise-et-je-ne-vais-plus-a-lecole\/#breadcrumb\"},\"inLanguage\":\"fr-FR\",\"potentialAction\":[{\"@type\":\"ReadAction\",\"target\":[\"https:\/\/www.flym.fr\/bd\/textes\/controle-surprise-et-je-ne-vais-plus-a-lecole\/\"]}]},{\"@type\":\"BreadcrumbList\",\"@id\":\"https:\/\/www.flym.fr\/bd\/textes\/controle-surprise-et-je-ne-vais-plus-a-lecole\/#breadcrumb\",\"itemListElement\":[{\"@type\":\"ListItem\",\"position\":1,\"name\":\"Accueil\",\"item\":\"https:\/\/www.flym.fr\/bd\/\"},{\"@type\":\"ListItem\",\"position\":2,\"name\":\"Textes\",\"item\":\"https:\/\/www.flym.fr\/bd\/textes\/\"},{\"@type\":\"ListItem\",\"position\":3,\"name\":\"Contr\u00f4le surprise (et je ne vais plus \u00e0 l&rsquo;\u00e9cole)\"}]}]}<\/script>\n<!-- \/ Yoast SEO plugin. -->","yoast_head_json":{"title":"Contr\u00f4le surprise (et je ne vais plus \u00e0 l'\u00e9cole) - Flym, dessin d&#039;humour, blog bd humour, humour noir","robots":{"index":"index","follow":"follow","max-snippet":"max-snippet:-1","max-image-preview":"max-image-preview:large","max-video-preview":"max-video-preview:-1"},"canonical":"https:\/\/www.flym.fr\/bd\/textes\/controle-surprise-et-je-ne-vais-plus-a-lecole\/","og_locale":"fr_FR","og_type":"article","og_title":"Contr\u00f4le surprise (et je ne vais plus \u00e0 l'\u00e9cole) - Flym, dessin d&#039;humour, blog bd humour, humour noir","og_description":"Contr\u00f4le surprise (et je ne vais plus \u00e0 l&rsquo;\u00e9cole) Alors que je r\u00eavassais, le regard perdu \u00e0 travers la vitre du tram, tel un po\u00e8te cherchant son inspiration, le regard perdu vers l\u2019horizon, je vois plusieurs personnes regarder dans le fond. Reprenant mes esprits, je d\u00e9couvre via le reflet de la vitre qu\u2019il s\u2019agit de [&hellip;]","og_url":"https:\/\/www.flym.fr\/bd\/textes\/controle-surprise-et-je-ne-vais-plus-a-lecole\/","og_site_name":"Flym, dessin d&#039;humour, blog bd humour, humour noir","article_modified_time":"2016-03-18T14:56:35+00:00","twitter_card":"summary","twitter_misc":{"Dur\u00e9e de lecture estim\u00e9e":"3 minutes"},"schema":{"@context":"https:\/\/schema.org","@graph":[{"@type":"WebSite","@id":"https:\/\/www.flym.fr\/bd\/#website","url":"https:\/\/www.flym.fr\/bd\/","name":"Flym, dessin d&#039;humour, blog bd humour, humour noir","description":"","potentialAction":[{"@type":"SearchAction","target":{"@type":"EntryPoint","urlTemplate":"https:\/\/www.flym.fr\/bd\/?s={search_term_string}"},"query-input":"required name=search_term_string"}],"inLanguage":"fr-FR"},{"@type":"WebPage","@id":"https:\/\/www.flym.fr\/bd\/textes\/controle-surprise-et-je-ne-vais-plus-a-lecole\/","url":"https:\/\/www.flym.fr\/bd\/textes\/controle-surprise-et-je-ne-vais-plus-a-lecole\/","name":"Contr\u00f4le surprise (et je ne vais plus \u00e0 l'\u00e9cole) - Flym, dessin d&#039;humour, blog bd humour, humour noir","isPartOf":{"@id":"https:\/\/www.flym.fr\/bd\/#website"},"datePublished":"2016-03-16T16:32:26+00:00","dateModified":"2016-03-18T14:56:35+00:00","breadcrumb":{"@id":"https:\/\/www.flym.fr\/bd\/textes\/controle-surprise-et-je-ne-vais-plus-a-lecole\/#breadcrumb"},"inLanguage":"fr-FR","potentialAction":[{"@type":"ReadAction","target":["https:\/\/www.flym.fr\/bd\/textes\/controle-surprise-et-je-ne-vais-plus-a-lecole\/"]}]},{"@type":"BreadcrumbList","@id":"https:\/\/www.flym.fr\/bd\/textes\/controle-surprise-et-je-ne-vais-plus-a-lecole\/#breadcrumb","itemListElement":[{"@type":"ListItem","position":1,"name":"Accueil","item":"https:\/\/www.flym.fr\/bd\/"},{"@type":"ListItem","position":2,"name":"Textes","item":"https:\/\/www.flym.fr\/bd\/textes\/"},{"@type":"ListItem","position":3,"name":"Contr\u00f4le surprise (et je ne vais plus \u00e0 l&rsquo;\u00e9cole)"}]}]}},"_links":{"self":[{"href":"https:\/\/www.flym.fr\/bd\/wp-json\/wp\/v2\/pages\/2929"}],"collection":[{"href":"https:\/\/www.flym.fr\/bd\/wp-json\/wp\/v2\/pages"}],"about":[{"href":"https:\/\/www.flym.fr\/bd\/wp-json\/wp\/v2\/types\/page"}],"author":[{"embeddable":true,"href":"https:\/\/www.flym.fr\/bd\/wp-json\/wp\/v2\/users\/1"}],"replies":[{"embeddable":true,"href":"https:\/\/www.flym.fr\/bd\/wp-json\/wp\/v2\/comments?post=2929"}],"version-history":[{"count":4,"href":"https:\/\/www.flym.fr\/bd\/wp-json\/wp\/v2\/pages\/2929\/revisions"}],"predecessor-version":[{"id":2950,"href":"https:\/\/www.flym.fr\/bd\/wp-json\/wp\/v2\/pages\/2929\/revisions\/2950"}],"up":[{"embeddable":true,"href":"https:\/\/www.flym.fr\/bd\/wp-json\/wp\/v2\/pages\/864"}],"wp:attachment":[{"href":"https:\/\/www.flym.fr\/bd\/wp-json\/wp\/v2\/media?parent=2929"}],"curies":[{"name":"wp","href":"https:\/\/api.w.org\/{rel}","templated":true}]}}